{"id":60413,"date":"2023-03-03T09:09:41","date_gmt":"2023-03-03T08:09:41","guid":{"rendered":"https:\/\/turijnmagazijn.nl\/product\/relais-noir-pour-eclairage-et-klaxon-lancia-differents-modeles\/"},"modified":"2025-07-30T15:19:27","modified_gmt":"2025-07-30T13:19:27","slug":"noir-relais-pour-leclairage-et-le-klaxon-lancia-divers-modeles","status":"publish","type":"product","link":"https:\/\/turijnmagazijn.nl\/fr\/produit\/noir-relais-pour-leclairage-et-le-klaxon-lancia-divers-modeles\/","title":{"rendered":"Relais noir pour \u00e9clairage et klaxon Lancia diff\u00e9rents mod\u00e8les"},"content":{"rendered":"<p>Relais carr\u00e9 noir relais 5 p\u00f4les pour l\u2019\u00e9clairage et le klaxon. Ce relais a \u00e9t\u00e9 utilis\u00e9 dans de nombreux types de Lancia Alfa et Fiat, y compris les Lancia Delta HF int\u00e9grale 8V et 16V. La Lancia Thema I et l\u2019Alfa Romeo GTV. Fiat Tempra, Fiat Coup\u00e9.<\/p>\n<p>\u00c9galement appliqu\u00e9 deux fois sur Lancia Delta Integrale dans la bo\u00eete \u00e0 fusibles sous le tableau de bord c\u00f4t\u00e9 conducteur. Peut \u00eatre utilis\u00e9 sur l\u2019Integrale comme relais pour le chauffage.<\/p>\n<p>Les relais proviennent d\u2019une Lancia Thema 8V IE et d\u2019une Delta int\u00e9grale 8V et sont en bon \u00e9tat de fonctionnement.<\/p>\n<p>Italamec<br \/>12V<br \/>4320629<\/p>\n<p>Mafer Turin<br \/><span style=\"color: rgb(68, 68, 68); font-family: \"Open Sans\", Arial, Helvetica, sans-serif; font-size: 13px;\">MF524 12V 30A<\/span><\/p>\n<p>Lancia OEM 7686773<\/p>\n<p>Num\u00e9ros pr\u00e9c\u00e9dents pour ce produit :<\/p>\n<p>4320629<\/p>\n<p>46470875<\/p>\n<p>60800552<\/p>\n<p>82417256<\/p>\n<p>82417257<\/p>\n<p><\/p>\n<p>Utilis\u00e9 comme relais pour le chauffage de la lunette arri\u00e8re pour Lancia Delta Integrale sous le num\u00e9ro :<\/p>\n<p>7686773<\/p>\n<div><\/div>\n<p><\/p>\n","protected":false},"excerpt":{"rendered":"<p>Relais pour l\u2019\u00e9clairage et le klaxon Lancia diff\u00e9rents mod\u00e8les &#8211; Relais carr\u00e9 noir pour l\u2019\u00e9clairage et le klaxon, entre autres. Relais noir pour \u00e9clairage et klaxon Lancia divers mod\u00e8les &#8211; Relais carr\u00e9 noir relais 5 p\u00f4les pour l\u2019\u00e9clairage et cla<\/p>\n","protected":false},"featured_media":96560,"comment_status":"open","ping_status":"closed","template":"","meta":{"_acf_changed":false},"product_brand":[],"product_cat":[1582,1719,1722,1806,1690,1636,1830,1798,1779,1896,1902,1897],"product_tag":[],"class_list":{"0":"post-60413","1":"product","2":"type-product","3":"status-publish","4":"has-post-thumbnail","6":"product_cat-alfa-romeo-fr","7":"product_cat-coupe-175-fr","8":"product_cat-croma-1-154-fr","9":"product_cat-delta-1-831-fr","10":"product_cat-fiat-fr","11":"product_cat-gtv-916-fr","12":"product_cat-integrale-8v-fr","13":"product_cat-lancia-fr","14":"product_cat-tempra-159-fr","15":"product_cat-thema-834-fr","16":"product_cat-thema-sedan-fr","17":"product_cat-thema-sw-fr","18":"pa_soort-onderdeel-eclairage","19":"pa_soort-onderdeel-electronique-et-cables","21":"first","22":"instock","23":"shipping-taxable","24":"purchasable","25":"product-type-simple"},"acf":[],"yoast_head":"<!-- This site is optimized with the Yoast SEO plugin v27.3 - https:\/\/yoast.com\/product\/yoast-seo-wordpress\/ -->\n<title>Relais noir pour \u00e9clairage et klaxon Lancia diff\u00e9rents mod\u00e8les - Turijnmagazijn<\/title>\n<meta name=\"robots\" content=\"index, follow, max-snippet:-1, max-image-preview:large, max-video-preview:-1\" \/>\n<link rel=\"canonical\" href=\"https:\/\/turijnmagazijn.nl\/fr\/produit\/noir-relais-pour-leclairage-et-le-klaxon-lancia-divers-modeles\/\" \/>\n<meta property=\"og:locale\" content=\"fr_FR\" \/>\n<meta property=\"og:type\" content=\"article\" \/>\n<meta property=\"og:title\" content=\"Relais noir pour \u00e9clairage et klaxon Lancia diff\u00e9rents mod\u00e8les - Turijnmagazijn\" \/>\n<meta property=\"og:description\" content=\"Relais pour l\u2019\u00e9clairage et le klaxon Lancia diff\u00e9rents mod\u00e8les - Relais carr\u00e9 noir pour l\u2019\u00e9clairage et le klaxon, entre autres. Relais noir pour \u00e9clairage et klaxon Lancia divers mod\u00e8les - Relais carr\u00e9 noir relais 5 p\u00f4les pour l\u2019\u00e9clairage et cla\" \/>\n<meta property=\"og:url\" content=\"https:\/\/turijnmagazijn.nl\/fr\/produit\/noir-relais-pour-leclairage-et-le-klaxon-lancia-divers-modeles\/\" \/>\n<meta property=\"og:site_name\" content=\"Turijnmagazijn\" \/>\n<meta property=\"article:publisher\" content=\"https:\/\/www.facebook.com\/turijnmagazijn\" \/>\n<meta property=\"article:modified_time\" content=\"2025-07-30T13:19:27+00:00\" \/>\n<meta property=\"og:image\" content=\"https:\/\/turijnmagazijn.nl\/wp-content\/uploads\/2023\/03\/DK0100025_Zwart_Relais_4320629_7686773.jpg\" \/>\n\t<meta property=\"og:image:width\" content=\"800\" \/>\n\t<meta property=\"og:image:height\" content=\"600\" \/>\n\t<meta property=\"og:image:type\" content=\"image\/jpeg\" \/>\n<meta name=\"twitter:card\" content=\"summary_large_image\" \/>\n<meta name=\"twitter:label1\" content=\"Dur\u00e9e de lecture estim\u00e9e\" \/>\n\t<meta name=\"twitter:data1\" content=\"1 minute\" \/>\n<script type=\"application\/ld+json\" class=\"yoast-schema-graph\">{\"@context\":\"https:\\\/\\\/schema.org\",\"@graph\":[{\"@type\":\"WebPage\",\"@id\":\"https:\\\/\\\/turijnmagazijn.nl\\\/fr\\\/produit\\\/noir-relais-pour-leclairage-et-le-klaxon-lancia-divers-modeles\\\/\",\"url\":\"https:\\\/\\\/turijnmagazijn.nl\\\/fr\\\/produit\\\/noir-relais-pour-leclairage-et-le-klaxon-lancia-divers-modeles\\\/\",\"name\":\"Relais noir pour \u00e9clairage et klaxon Lancia diff\u00e9rents mod\u00e8les - Turijnmagazijn\",\"isPartOf\":{\"@id\":\"https:\\\/\\\/turijnmagazijn.jumpstone-dev.nl\\\/#website\"},\"primaryImageOfPage\":{\"@id\":\"https:\\\/\\\/turijnmagazijn.nl\\\/fr\\\/produit\\\/noir-relais-pour-leclairage-et-le-klaxon-lancia-divers-modeles\\\/#primaryimage\"},\"image\":{\"@id\":\"https:\\\/\\\/turijnmagazijn.nl\\\/fr\\\/produit\\\/noir-relais-pour-leclairage-et-le-klaxon-lancia-divers-modeles\\\/#primaryimage\"},\"thumbnailUrl\":\"https:\\\/\\\/turijnmagazijn.nl\\\/wp-content\\\/uploads\\\/2023\\\/03\\\/DK0100025_Zwart_Relais_4320629_7686773.jpg\",\"datePublished\":\"2023-03-03T08:09:41+00:00\",\"dateModified\":\"2025-07-30T13:19:27+00:00\",\"breadcrumb\":{\"@id\":\"https:\\\/\\\/turijnmagazijn.nl\\\/fr\\\/produit\\\/noir-relais-pour-leclairage-et-le-klaxon-lancia-divers-modeles\\\/#breadcrumb\"},\"inLanguage\":\"fr-FR\",\"potentialAction\":[{\"@type\":\"ReadAction\",\"target\":[\"https:\\\/\\\/turijnmagazijn.nl\\\/fr\\\/produit\\\/noir-relais-pour-leclairage-et-le-klaxon-lancia-divers-modeles\\\/\"]}]},{\"@type\":\"ImageObject\",\"inLanguage\":\"fr-FR\",\"@id\":\"https:\\\/\\\/turijnmagazijn.nl\\\/fr\\\/produit\\\/noir-relais-pour-leclairage-et-le-klaxon-lancia-divers-modeles\\\/#primaryimage\",\"url\":\"https:\\\/\\\/turijnmagazijn.nl\\\/wp-content\\\/uploads\\\/2023\\\/03\\\/DK0100025_Zwart_Relais_4320629_7686773.jpg\",\"contentUrl\":\"https:\\\/\\\/turijnmagazijn.nl\\\/wp-content\\\/uploads\\\/2023\\\/03\\\/DK0100025_Zwart_Relais_4320629_7686773.jpg\",\"width\":800,\"height\":600},{\"@type\":\"BreadcrumbList\",\"@id\":\"https:\\\/\\\/turijnmagazijn.nl\\\/fr\\\/produit\\\/noir-relais-pour-leclairage-et-le-klaxon-lancia-divers-modeles\\\/#breadcrumb\",\"itemListElement\":[{\"@type\":\"ListItem\",\"position\":1,\"name\":\"Home\",\"item\":\"https:\\\/\\\/turijnmagazijn.nl\\\/fr\\\/\"},{\"@type\":\"ListItem\",\"position\":2,\"name\":\"Produits\",\"item\":\"https:\\\/\\\/turijnmagazijn.nl\\\/fr\\\/shop\\\/\"},{\"@type\":\"ListItem\",\"position\":3,\"name\":\"Relais noir pour \u00e9clairage et klaxon Lancia diff\u00e9rents mod\u00e8les\"}]},{\"@type\":\"WebSite\",\"@id\":\"https:\\\/\\\/turijnmagazijn.jumpstone-dev.nl\\\/#website\",\"url\":\"https:\\\/\\\/turijnmagazijn.jumpstone-dev.nl\\\/\",\"name\":\"Turijnmagazijn\",\"description\":\"Onderdelen nieuw en gebruikt - Fiat &amp; Lancia\",\"publisher\":{\"@id\":\"https:\\\/\\\/turijnmagazijn.jumpstone-dev.nl\\\/#organization\"},\"potentialAction\":[{\"@type\":\"SearchAction\",\"target\":{\"@type\":\"EntryPoint\",\"urlTemplate\":\"https:\\\/\\\/turijnmagazijn.jumpstone-dev.nl\\\/?s={search_term_string}\"},\"query-input\":{\"@type\":\"PropertyValueSpecification\",\"valueRequired\":true,\"valueName\":\"search_term_string\"}}],\"inLanguage\":\"fr-FR\"},{\"@type\":\"Organization\",\"@id\":\"https:\\\/\\\/turijnmagazijn.jumpstone-dev.nl\\\/#organization\",\"name\":\"Turijnmagazijn\",\"url\":\"https:\\\/\\\/turijnmagazijn.jumpstone-dev.nl\\\/\",\"logo\":{\"@type\":\"ImageObject\",\"inLanguage\":\"fr-FR\",\"@id\":\"https:\\\/\\\/turijnmagazijn.jumpstone-dev.nl\\\/#\\\/schema\\\/logo\\\/image\\\/\",\"url\":\"https:\\\/\\\/turijnmagazijn.nl\\\/wp-content\\\/uploads\\\/2021\\\/02\\\/turijnmagazijnlogo.png\",\"contentUrl\":\"https:\\\/\\\/turijnmagazijn.nl\\\/wp-content\\\/uploads\\\/2021\\\/02\\\/turijnmagazijnlogo.png\",\"width\":555,\"height\":270,\"caption\":\"Turijnmagazijn\"},\"image\":{\"@id\":\"https:\\\/\\\/turijnmagazijn.jumpstone-dev.nl\\\/#\\\/schema\\\/logo\\\/image\\\/\"},\"sameAs\":[\"https:\\\/\\\/www.facebook.com\\\/turijnmagazijn\"]}]}<\/script>\n<!-- \/ Yoast SEO plugin. -->","yoast_head_json":{"title":"Relais noir pour \u00e9clairage et klaxon Lancia diff\u00e9rents mod\u00e8les - Turijnmagazijn","robots":{"index":"index","follow":"follow","max-snippet":"max-snippet:-1","max-image-preview":"max-image-preview:large","max-video-preview":"max-video-preview:-1"},"canonical":"https:\/\/turijnmagazijn.nl\/fr\/produit\/noir-relais-pour-leclairage-et-le-klaxon-lancia-divers-modeles\/","og_locale":"fr_FR","og_type":"article","og_title":"Relais noir pour \u00e9clairage et klaxon Lancia diff\u00e9rents mod\u00e8les - Turijnmagazijn","og_description":"Relais pour l\u2019\u00e9clairage et le klaxon Lancia diff\u00e9rents mod\u00e8les - Relais carr\u00e9 noir pour l\u2019\u00e9clairage et le klaxon, entre autres. Relais noir pour \u00e9clairage et klaxon Lancia divers mod\u00e8les - Relais carr\u00e9 noir relais 5 p\u00f4les pour l\u2019\u00e9clairage et cla","og_url":"https:\/\/turijnmagazijn.nl\/fr\/produit\/noir-relais-pour-leclairage-et-le-klaxon-lancia-divers-modeles\/","og_site_name":"Turijnmagazijn","article_publisher":"https:\/\/www.facebook.com\/turijnmagazijn","article_modified_time":"2025-07-30T13:19:27+00:00","og_image":[{"width":800,"height":600,"url":"https:\/\/turijnmagazijn.nl\/wp-content\/uploads\/2023\/03\/DK0100025_Zwart_Relais_4320629_7686773.jpg","type":"image\/jpeg"}],"twitter_card":"summary_large_image","twitter_misc":{"Dur\u00e9e de lecture estim\u00e9e":"1 minute"},"schema":{"@context":"https:\/\/schema.org","@graph":[{"@type":"WebPage","@id":"https:\/\/turijnmagazijn.nl\/fr\/produit\/noir-relais-pour-leclairage-et-le-klaxon-lancia-divers-modeles\/","url":"https:\/\/turijnmagazijn.nl\/fr\/produit\/noir-relais-pour-leclairage-et-le-klaxon-lancia-divers-modeles\/","name":"Relais noir pour \u00e9clairage et klaxon Lancia diff\u00e9rents mod\u00e8les - Turijnmagazijn","isPartOf":{"@id":"https:\/\/turijnmagazijn.jumpstone-dev.nl\/#website"},"primaryImageOfPage":{"@id":"https:\/\/turijnmagazijn.nl\/fr\/produit\/noir-relais-pour-leclairage-et-le-klaxon-lancia-divers-modeles\/#primaryimage"},"image":{"@id":"https:\/\/turijnmagazijn.nl\/fr\/produit\/noir-relais-pour-leclairage-et-le-klaxon-lancia-divers-modeles\/#primaryimage"},"thumbnailUrl":"https:\/\/turijnmagazijn.nl\/wp-content\/uploads\/2023\/03\/DK0100025_Zwart_Relais_4320629_7686773.jpg","datePublished":"2023-03-03T08:09:41+00:00","dateModified":"2025-07-30T13:19:27+00:00","breadcrumb":{"@id":"https:\/\/turijnmagazijn.nl\/fr\/produit\/noir-relais-pour-leclairage-et-le-klaxon-lancia-divers-modeles\/#breadcrumb"},"inLanguage":"fr-FR","potentialAction":[{"@type":"ReadAction","target":["https:\/\/turijnmagazijn.nl\/fr\/produit\/noir-relais-pour-leclairage-et-le-klaxon-lancia-divers-modeles\/"]}]},{"@type":"ImageObject","inLanguage":"fr-FR","@id":"https:\/\/turijnmagazijn.nl\/fr\/produit\/noir-relais-pour-leclairage-et-le-klaxon-lancia-divers-modeles\/#primaryimage","url":"https:\/\/turijnmagazijn.nl\/wp-content\/uploads\/2023\/03\/DK0100025_Zwart_Relais_4320629_7686773.jpg","contentUrl":"https:\/\/turijnmagazijn.nl\/wp-content\/uploads\/2023\/03\/DK0100025_Zwart_Relais_4320629_7686773.jpg","width":800,"height":600},{"@type":"BreadcrumbList","@id":"https:\/\/turijnmagazijn.nl\/fr\/produit\/noir-relais-pour-leclairage-et-le-klaxon-lancia-divers-modeles\/#breadcrumb","itemListElement":[{"@type":"ListItem","position":1,"name":"Home","item":"https:\/\/turijnmagazijn.nl\/fr\/"},{"@type":"ListItem","position":2,"name":"Produits","item":"https:\/\/turijnmagazijn.nl\/fr\/shop\/"},{"@type":"ListItem","position":3,"name":"Relais noir pour \u00e9clairage et klaxon Lancia diff\u00e9rents mod\u00e8les"}]},{"@type":"WebSite","@id":"https:\/\/turijnmagazijn.jumpstone-dev.nl\/#website","url":"https:\/\/turijnmagazijn.jumpstone-dev.nl\/","name":"Turijnmagazijn","description":"Onderdelen nieuw en gebruikt - Fiat &amp; Lancia","publisher":{"@id":"https:\/\/turijnmagazijn.jumpstone-dev.nl\/#organization"},"potentialAction":[{"@type":"SearchAction","target":{"@type":"EntryPoint","urlTemplate":"https:\/\/turijnmagazijn.jumpstone-dev.nl\/?s={search_term_string}"},"query-input":{"@type":"PropertyValueSpecification","valueRequired":true,"valueName":"search_term_string"}}],"inLanguage":"fr-FR"},{"@type":"Organization","@id":"https:\/\/turijnmagazijn.jumpstone-dev.nl\/#organization","name":"Turijnmagazijn","url":"https:\/\/turijnmagazijn.jumpstone-dev.nl\/","logo":{"@type":"ImageObject","inLanguage":"fr-FR","@id":"https:\/\/turijnmagazijn.jumpstone-dev.nl\/#\/schema\/logo\/image\/","url":"https:\/\/turijnmagazijn.nl\/wp-content\/uploads\/2021\/02\/turijnmagazijnlogo.png","contentUrl":"https:\/\/turijnmagazijn.nl\/wp-content\/uploads\/2021\/02\/turijnmagazijnlogo.png","width":555,"height":270,"caption":"Turijnmagazijn"},"image":{"@id":"https:\/\/turijnmagazijn.jumpstone-dev.nl\/#\/schema\/logo\/image\/"},"sameAs":["https:\/\/www.facebook.com\/turijnmagazijn"]}]}},"_links":{"self":[{"href":"https:\/\/turijnmagazijn.nl\/fr\/wp-json\/wp\/v2\/product\/60413","targetHints":{"allow":["GET"]}}],"collection":[{"href":"https:\/\/turijnmagazijn.nl\/fr\/wp-json\/wp\/v2\/product"}],"about":[{"href":"https:\/\/turijnmagazijn.nl\/fr\/wp-json\/wp\/v2\/types\/product"}],"replies":[{"embeddable":true,"href":"https:\/\/turijnmagazijn.nl\/fr\/wp-json\/wp\/v2\/comments?post=60413"}],"wp:featuredmedia":[{"embeddable":true,"href":"https:\/\/turijnmagazijn.nl\/fr\/wp-json\/wp\/v2\/media\/96560"}],"wp:attachment":[{"href":"https:\/\/turijnmagazijn.nl\/fr\/wp-json\/wp\/v2\/media?parent=60413"}],"wp:term":[{"taxonomy":"product_brand","embeddable":true,"href":"https:\/\/turijnmagazijn.nl\/fr\/wp-json\/wp\/v2\/product_brand?post=60413"},{"taxonomy":"product_cat","embeddable":true,"href":"https:\/\/turijnmagazijn.nl\/fr\/wp-json\/wp\/v2\/product_cat?post=60413"},{"taxonomy":"product_tag","embeddable":true,"href":"https:\/\/turijnmagazijn.nl\/fr\/wp-json\/wp\/v2\/product_tag?post=60413"}],"curies":[{"name":"wp","href":"https:\/\/api.w.org\/{rel}","templated":true}]}}